{"id":28870,"date":"2024-07-06T11:37:06","date_gmt":"2024-07-06T09:37:06","guid":{"rendered":"https:\/\/rinews.georgiansummitexpedition.com\/?page_id=28870"},"modified":"2024-07-17T11:53:28","modified_gmt":"2024-07-17T09:53:28","slug":"moyen-orient","status":"publish","type":"page","link":"http:\/\/www.globalscholarperspective.com\/en\/moyen-orient\/","title":{"rendered":"Middle East"},"content":{"rendered":"<p>[et_pb_section fb_built=\u00a0\u00bb1&Prime; fullwidth=\u00a0\u00bbon\u00a0\u00bb _builder_version=\u00a0\u00bb4.26.0&Prime; _module_preset=\u00a0\u00bbdefault\u00a0\u00bb background_image=\u00a0\u00bbhttps:\/\/rinews.georgiansummitexpedition.com\/wp-content\/uploads\/2024\/07\/MG_7813-scaled.jpg\u00a0\u00bb global_colors_info=\u00a0\u00bb{}\u00a0\u00bb][et_pb_fullwidth_header title=\u00a0\u00bbMoyen Orient \u00a0\u00bb _builder_version=\u00a0\u00bb4.25.2&Prime; _module_preset=\u00a0\u00bbdefault\u00a0\u00bb title_text_align=\u00a0\u00bbcenter\u00a0\u00bb title_font_size=\u00a0\u00bb80px\u00a0\u00bb content_font_size=\u00a0\u00bb18px\u00a0\u00bb background_enable_color=\u00a0\u00bboff\u00a0\u00bb custom_button_one=\u00a0\u00bbon\u00a0\u00bb button_one_text_size=\u00a0\u00bb14px\u00a0\u00bb button_one_icon_placement=\u00a0\u00bbleft\u00a0\u00bb button_one_custom_margin=\u00a0\u00bb|0px||470px|false|false\u00a0\u00bb min_height=\u00a0\u00bb369px\u00a0\u00bb custom_margin=\u00a0\u00bb||105px||false|false\u00a0\u00bb custom_padding=\u00a0\u00bb239px||0px||false|false\u00a0\u00bb title_text_shadow_style=\u00a0\u00bbpreset1&Prime; content_text_shadow_style=\u00a0\u00bbpreset1&Prime; global_colors_info=\u00a0\u00bb{}\u00a0\u00bb]<\/p>\n<p style=\"text-align: center;\">In this section, you will find a series of analyses presented by master\u2019s students specializing in Middle Eastern studies at the University of Geneva.<\/p>\n<p>[\/et_pb_fullwidth_header][\/et_pb_section][et_pb_section fb_built=\u00a0\u00bb1&Prime; _builder_version=\u00a0\u00bb4.26.0&Prime; _module_preset=\u00a0\u00bbdefault\u00a0\u00bb global_colors_info=\u00a0\u00bb{}\u00a0\u00bb][et_pb_row _builder_version=\u00a0\u00bb4.26.0&Prime; _module_preset=\u00a0\u00bbdefault\u00a0\u00bb global_colors_info=\u00a0\u00bb{}\u00a0\u00bb][et_pb_column type=\u00a0\u00bb4_4&Prime; _builder_version=\u00a0\u00bb4.26.0&Prime; _module_preset=\u00a0\u00bbdefault\u00a0\u00bb global_colors_info=\u00a0\u00bb{}\u00a0\u00bb][et_pb_text _builder_version=\u00a0\u00bb4.25.2&Prime; _module_preset=\u00a0\u00bbdefault\u00a0\u00bb global_colors_info=\u00a0\u00bb{}\u00a0\u00bb]<\/p>\n<h2>Discover the Featured Articles<\/h2>\n<p>[\/et_pb_text][\/et_pb_column][\/et_pb_row][et_pb_row column_structure=\u00a0\u00bb1_3,1_3,1_3&Prime; _builder_version=\u00a0\u00bb4.26.0&Prime; _module_preset=\u00a0\u00bbdefault\u00a0\u00bb global_colors_info=\u00a0\u00bb{}\u00a0\u00bb][et_pb_column type=\u00a0\u00bb1_3&Prime; _builder_version=\u00a0\u00bb4.26.0&Prime; _module_preset=\u00a0\u00bbdefault\u00a0\u00bb global_colors_info=\u00a0\u00bb{}\u00a0\u00bb][et_pb_text _builder_version=\u00a0\u00bb4.26.1&Prime; _module_preset=\u00a0\u00bbdefault\u00a0\u00bb header_4_text_align=\u00a0\u00bbcenter\u00a0\u00bb height=\u00a0\u00bb225px\u00a0\u00bb custom_padding=\u00a0\u00bb103px||||false|false\u00a0\u00bb hover_enabled=\u00a0\u00bb0&Prime; global_colors_info=\u00a0\u00bb{}\u00a0\u00bb title_text=\u00a0\u00bb26893993668_f71aeeb048_o\u00a0\u00bb background_image=\u00a0\u00bbhttp:\/\/www.globalscholarperspective.com\/wp-content\/uploads\/2024\/07\/26893993668_f71aeeb048_o.jpg\u00a0\u00bb sticky_enabled=\u00a0\u00bb0&Prime; text_text_color=\u00a0\u00bb#FFFFFF\u00a0\u00bb text_font_size=\u00a0\u00bb16px\u00a0\u00bb text_text_shadow_style=\u00a0\u00bbpreset1&Prime; link_option_url=\u00a0\u00bbhttps:\/\/www.globalscholarperspective.com\/relations-ue-turquie-je-taime-moi-non-plus\/\u00a0\u00bb]<\/p>\n<p class=\"entry-title\" style=\"text-align: center;\"><strong>EU-Turkey Relations: I Love You, I Love You Not<\/strong><\/p>\n<p>[\/et_pb_text][\/et_pb_column][et_pb_column type=\u00a0\u00bb1_3&Prime; _builder_version=\u00a0\u00bb4.26.0&Prime; _module_preset=\u00a0\u00bbdefault\u00a0\u00bb global_colors_info=\u00a0\u00bb{}\u00a0\u00bb][et_pb_text _builder_version=\u00a0\u00bb4.26.1&Prime; _module_preset=\u00a0\u00bbdefault\u00a0\u00bb header_text_align=\u00a0\u00bbcenter\u00a0\u00bb header_4_text_align=\u00a0\u00bbcenter\u00a0\u00bb height=\u00a0\u00bb225px\u00a0\u00bb custom_padding=\u00a0\u00bb103px||||false|false\u00a0\u00bb hover_enabled=\u00a0\u00bb0&Prime; global_colors_info=\u00a0\u00bb{}\u00a0\u00bb title_text=\u00a0\u00bbagriculture-society-waste-landfill-contamination-of-the-waste-management-867288-pxhere.com\u00a0\u00bb background_image=\u00a0\u00bbhttp:\/\/www.globalscholarperspective.com\/wp-content\/uploads\/2024\/07\/agriculture-society-waste-landfill-contamination-of-the-waste-management-867288-pxhere.com_-scaled.jpg\u00a0\u00bb sticky_enabled=\u00a0\u00bb0&Prime; text_font_size=\u00a0\u00bb17px\u00a0\u00bb text_text_color=\u00a0\u00bb#FFFFFF\u00a0\u00bb text_text_shadow_style=\u00a0\u00bbpreset1&Prime; link_option_url=\u00a0\u00bbhttps:\/\/www.globalscholarperspective.com\/turquie-ces-dechets-europeens-qui-empoisonnent-les-refugies-union-europeenne-et-immigration-bruxelles-durcit-le-ton\/\u00a0\u00bb]<\/p>\n<p class=\"entry-title\" style=\"text-align: center;\"><strong>Turkey: These European Waste That Poison Refugees<\/strong><\/p>\n<p>[\/et_pb_text][\/et_pb_column][et_pb_column type=\u00a0\u00bb1_3&Prime; _builder_version=\u00a0\u00bb4.26.0&Prime; _module_preset=\u00a0\u00bbdefault\u00a0\u00bb global_colors_info=\u00a0\u00bb{}\u00a0\u00bb][\/et_pb_column][\/et_pb_row][\/et_pb_section][et_pb_section fb_built=\u00a0\u00bb1&Prime; _builder_version=\u00a0\u00bb4.26.0&Prime; _module_preset=\u00a0\u00bbdefault\u00a0\u00bb global_colors_info=\u00a0\u00bb{}\u00a0\u00bb][et_pb_row _builder_version=\u00a0\u00bb4.26.0&Prime; _module_preset=\u00a0\u00bbdefault\u00a0\u00bb global_colors_info=\u00a0\u00bb{}\u00a0\u00bb][et_pb_column type=\u00a0\u00bb4_4&Prime; _builder_version=\u00a0\u00bb4.26.0&Prime; _module_preset=\u00a0\u00bbdefault\u00a0\u00bb global_colors_info=\u00a0\u00bb{}\u00a0\u00bb][et_pb_toggle title=\u00a0\u00bbArticles \u00a0\u00bb _builder_version=\u00a0\u00bb4.25.2&Prime; _module_preset=\u00a0\u00bbdefault\u00a0\u00bb global_colors_info=\u00a0\u00bb{}\u00a0\u00bb]<\/p>\n<ul>\n<li><a href=\"https:\/\/www.globalscholarperspective.com\/en\/turquie-ces-dechets-europeens-qui-empoisonnent-les-refugies-union-europeenne-et-immigration-bruxelles-durcit-le-ton\/\">Turkey<\/a> These European Waste That Poison Refugees <em>Marc-Aur\u00e8le Barez\u00a0<\/em><\/li>\n<li><a href=\"https:\/\/www.globalscholarperspective.com\/en\/relations-ue-turquie-je-taime-moi-non-plus\/?et_fb=1&amp;PageSpeed=off\">EU-Turkey Relations<\/a> : I Love You, I Love You Not <em>Marc-Aur\u00e8le Barez<\/em>\u00a0<\/li>\n<\/ul>\n<p>[\/et_pb_toggle][\/et_pb_column][\/et_pb_row][\/et_pb_section]<\/p>","protected":false},"excerpt":{"rendered":"<p>Dans cette partie vous retrouverez une s\u00e9rie d&rsquo;analyses propos\u00e9e par des \u00e9tudiants en Master Moyen-Orient \u00e0 l&rsquo;Universit\u00e9 de Gen\u00e8veD\u00e9couvrez les articles \u00e0 la uneRelations UE-Turquie : je t\u2019aime, moi non plusTurquie : ces d\u00e9chets europ\u00e9ens qui empoisonnent les r\u00e9fugi\u00e9s Turquie : ces d\u00e9chets europ\u00e9ens qui empoisonnent les r\u00e9fugi\u00e9s &#8211; Marc-Aur\u00e8le Barez\u00a0 Relations UE-Turquie : je [&hellip;]<\/p>","protected":false},"author":1,"featured_media":0,"parent":0,"menu_order":0,"comment_status":"closed","ping_status":"closed","template":"","meta":{"_et_pb_use_builder":"on","_et_pb_old_content":"","_et_gb_content_width":"","footnotes":""},"class_list":["post-28870","page","type-page","status-publish","hentry"],"_links":{"self":[{"href":"http:\/\/www.globalscholarperspective.com\/en\/wp-json\/wp\/v2\/pages\/28870","targetHints":{"allow":["GET"]}}],"collection":[{"href":"http:\/\/www.globalscholarperspective.com\/en\/wp-json\/wp\/v2\/pages"}],"about":[{"href":"http:\/\/www.globalscholarperspective.com\/en\/wp-json\/wp\/v2\/types\/page"}],"author":[{"embeddable":true,"href":"http:\/\/www.globalscholarperspective.com\/en\/wp-json\/wp\/v2\/users\/1"}],"replies":[{"embeddable":true,"href":"http:\/\/www.globalscholarperspective.com\/en\/wp-json\/wp\/v2\/comments?post=28870"}],"version-history":[{"count":7,"href":"http:\/\/www.globalscholarperspective.com\/en\/wp-json\/wp\/v2\/pages\/28870\/revisions"}],"predecessor-version":[{"id":29213,"href":"http:\/\/www.globalscholarperspective.com\/en\/wp-json\/wp\/v2\/pages\/28870\/revisions\/29213"}],"wp:attachment":[{"href":"http:\/\/www.globalscholarperspective.com\/en\/wp-json\/wp\/v2\/media?parent=28870"}],"curies":[{"name":"wp","href":"https:\/\/api.w.org\/{rel}","templated":true}]}}